{"id":194,"date":"2024-03-03T22:38:38","date_gmt":"2024-03-04T01:38:38","guid":{"rendered":"https:\/\/portalincluir.com.br\/?page_id=194"},"modified":"2026-02-07T07:27:11","modified_gmt":"2026-02-07T10:27:11","slug":"simbolos-de-acessibilidade","status":"publish","type":"page","link":"https:\/\/portalincluir.com.br\/index.php\/simbolos-de-acessibilidade\/","title":{"rendered":"S\u00edmbolos de Acessibilidade"},"content":{"rendered":"\n<p><strong>S\u00edmbolo Universal de Acessibilidade da Organiza\u00e7\u00e3o das Na\u00e7\u00f5es Unidas (ONU)<\/strong><\/p>\n\n\n\n<p><img loading=\"lazy\" decoding=\"async\" width=\"70\" height=\"59\" src=\"https:\/\/www.prefeitura.sp.gov.br\/cidade\/secretarias\/upload\/A-Acessibilidade-ONU-550.jpg\" alt=\"S\u00edmbolo de Acessibilidade ONU\">Desenhado pela Unidade de Desenho Gr\u00e1fico do Departamento de Informa\u00e7\u00e3o P\u00fablica das Na\u00e7\u00f5es Unidas, em Nova York, a pedido da Divis\u00e3o de Reuni\u00f5es e Publica\u00e7\u00f5es do Departamento de Assembl\u00e9ia Geral e Gest\u00e3o de Confer\u00eancias das Na\u00e7\u00f5es Unidas. Inclui a acessibilidade \u00e0 informa\u00e7\u00e3o, servi\u00e7os, tecnologias de comunica\u00e7\u00e3o, bem como o acesso f\u00edsico. O logotipo simboliza a esperan\u00e7a e a igualdade de acesso para todos. Ele foi revisto e selecionados pelos Grupos Focais sobre Acessibilidade, trabalhando com a For\u00e7a-Tarefa Internacional sobre acessibilidade no Secretariado das Na\u00e7\u00f5es Unidas. O grupo \u00e9 composto por organiza\u00e7\u00f5es da sociedade civil eminentes, incluindo as organiza\u00e7\u00f5es das pessoas com defici\u00eancia, tais como pessoas com mobilidade reduzida Internacional do Povo, o Disability Alliance International, Rehabilitation International, Leonard Cheshire Internacional e Human Rights Watch, entre outros.&nbsp;Esta figura humana universal com os bra\u00e7os abertos simboliza inclus\u00e3o para as pessoas de todos os n\u00edveis, em todos os lugares.<br>&nbsp;<\/p>\n\n\n\n<p><strong>S\u00edmbolo Internacional de Acesso<\/strong><\/p>\n\n\n\n<figure class=\"wp-block-image\"><img decoding=\"async\" src=\"https:\/\/www.prefeitura.sp.gov.br\/cidade\/secretarias\/upload\/Simbolo%20Internacional%20Acessibilidade(1).jpg\" alt=\"S\u00edmbolo Internacional de Acesso\"\/><\/figure>\n\n\n\n<p><br>S\u00edmbolo Internacional de Acesso: A indica\u00e7\u00e3o de acessibilidade das edifica\u00e7\u00f5es, do mobili\u00e1rio, dos espa\u00e7os e dos equipamentos urbanos deveser feita por meio do s\u00edmbolo internacional de acesso. A representa\u00e7\u00e3o do s\u00edmbolo internacional de acesso consiste em pictograma branco sobre fundo azul (refer\u00eancia Munsell 10B5\/10 ou Pantone 2925 C). Este s\u00edmbolo pode, opcionalmente, ser representado em branco e preto (pictograma branco sobre fundo preto ou pictograma preto sobre fundo branco). A figura deve estar sempre voltada para olado direito. Nenhuma modifica\u00e7\u00e3o, estiliza\u00e7\u00e3o ou adi\u00e7\u00e3o deve ser feita a este s\u00edmbolo.&nbsp;<\/p>\n\n\n\n<p><strong>Defici\u00eancia Visual<br><br><\/strong>O s\u00edmbolo internacional de pessoas com defici\u00eancia visual deve indicar a exist\u00eancia de equipamentos,<br>mobili\u00e1rio e servi\u00e7os para pessoas com defici\u00eancia visual.<strong><\/strong><\/p>\n\n\n\n<figure class=\"wp-block-image\"><img decoding=\"async\" src=\"https:\/\/www.prefeitura.sp.gov.br\/cidade\/secretarias\/upload\/Simbolo%20def%20visuais.jpg\" alt=\" s\u00edmbolo internacional de pessoas com defici\u00eancia visual\"\/><\/figure>\n\n\n\n<p><a href=\"https:\/\/www.prefeitura.sp.gov.br\/cidade\/secretarias\/upload\/ABNT%209050%202015.pdf\">Fonte: ABNT NBR 9050<\/a><\/p>\n\n\n\n<p><a href=\"http:\/\/www.pessoacomdeficiencia.gov.br\/app\/sites\/default\/files\/arquivos\/%5Bfield_generico_imagens-filefield-description%5D_24.pdf\"><br><\/a><strong>S\u00edmbolo da Audiodescri\u00e7\u00e3o<\/strong><\/p>\n\n\n\n<figure class=\"wp-block-image alignleft size-full is-resized\"><img loading=\"lazy\" decoding=\"async\" width=\"126\" height=\"109\" src=\"https:\/\/portalincluir.com.br\/wp-content\/uploads\/2024\/03\/image.png\" alt=\"\" class=\"wp-image-195\" style=\"width:83px;height:auto\"\/><\/figure>\n\n\n\n<p><br>Indica a acessibilidade nos programas de televis\u00e3o, exibi\u00e7\u00e3o de v\u00eddeos e proje\u00e7\u00e3o de filmes de cinema.&nbsp;&nbsp;<\/p>\n\n\n\n<p><a href=\"https:\/\/www.prefeitura.sp.gov.br\/cidade\/secretarias\/upload\/ABNT%20-%20Acessibilidade.pdf\">Fonte:&nbsp;ABNT NBR&nbsp;16452<\/a><\/p>\n\n\n\n<p><strong><br>S\u00edmbolo do C\u00e3o-Guia<\/strong><\/p>\n\n\n\n<p><img loading=\"lazy\" decoding=\"async\" width=\"70\" height=\"74\" src=\"https:\/\/www.prefeitura.sp.gov.br\/cidade\/secretarias\/upload\/ABNT(1).jpg\" alt=\"s\u00edmbolo do c\u00e3o-guia representado por uma pessoa e um c\u00e3o ao lado.\"><br>Pessoas com defici\u00eancia visual que possui o c\u00e3o como um guia. Por lei, todo local deve permitir a entrada do animal.&nbsp;<strong><br><\/strong><a href=\"https:\/\/www.prefeitura.sp.gov.br\/cidade\/secretarias\/upload\/pessoa_com_deficiencia\/NBR14022.pdf\">Fonte: ABNT NBR&nbsp;14022&nbsp;<br><br><\/a><strong><br>S\u00edmbolo do Braille&nbsp;<br><br><\/strong><\/p>\n\n\n\n<figure class=\"wp-block-image alignleft size-full is-resized\"><img loading=\"lazy\" decoding=\"async\" width=\"175\" height=\"175\" src=\"https:\/\/portalincluir.com.br\/wp-content\/uploads\/2024\/03\/image-1.png\" alt=\"\" class=\"wp-image-196\" style=\"width:92px;height:auto\" srcset=\"https:\/\/portalincluir.com.br\/wp-content\/uploads\/2024\/03\/image-1.png 175w, https:\/\/portalincluir.com.br\/wp-content\/uploads\/2024\/03\/image-1-150x150.png 150w\" sizes=\"auto, (max-width: 175px) 100vw, 175px\" \/><\/figure>\n\n\n\n<p>O Braile \u00e9 um sistema de escrita e leitura t\u00e1til para cegos. Inventado pelo franc\u00eas Louis Braille, o alfabeto, cujos caracteres s\u00e3o indicados por pontos em alto relevo, se tornou bastante popular e eficiente.&nbsp;<\/p>\n\n\n\n<p><a href=\"https:\/\/www.prefeitura.sp.gov.br\/cidade\/secretarias\/upload\/ABNT%209050%202015.pdf\">Fonte:&nbsp;ABNT NBR 9050<br><\/a><\/p>\n\n\n\n<p><strong>S\u00edmbolo Baixa Vis\u00e3o<\/strong><\/p>\n\n\n\n<p><strong><br><\/strong>Indica pessoas que tem baixa vis\u00e3o quando apresenta 30% ou menos de vis\u00e3o no melhor olho, ap\u00f3s todos os procedimentos cl\u00ednicos, cir\u00fargicos e corre\u00e7\u00e3o com \u00f3culos comuns.<br>&nbsp;<\/p>\n\n\n\n<p><strong>Defici\u00eancia Auditiva<\/strong><br><img loading=\"lazy\" decoding=\"async\" src=\"https:\/\/www.prefeitura.sp.gov.br\/cidade\/secretarias\/upload\/simbolo-surdez.png\" alt=\"S\u00edmbolo Internacional da Surdez e Perda Auditiva\" width=\"50\" height=\"50\"><br><strong>S\u00edmbolo Internacional Defici\u00eancia Auditiva<\/strong>: Visto em locais que oferecem acessibilidade, algum tipo de ajuda ou acesso para surdos. Tamb\u00e9m pode ser usado para identificar uma pessoa com defici\u00eancia auditiva. No Brasil, motoristas com defici\u00eancia auditiva podem usar um adesivo com esse s\u00edmbolo no para-brisas do carro. O adesivo n\u00e3o \u00e9 obrigat\u00f3rio, mas pode ajudar na intera\u00e7\u00e3o com outros motoristas e autoridades.&nbsp;<br><a href=\"https:\/\/www.prefeitura.sp.gov.br\/cidade\/secretarias\/upload\/pessoa_com_deficiencia\/NBR15599.pdf\"><br>Fonte:&nbsp;ABNT NBR 15599<\/a><br><br><br><img loading=\"lazy\" decoding=\"async\" src=\"https:\/\/www.prefeitura.sp.gov.br\/cidade\/secretarias\/upload\/simbolo-telebobina-telecoil.png\" alt=\"S\u00edmbolo Telebobina (aro magn\u00e9tico)\" width=\"50\" height=\"50\"><\/p>\n\n\n\n<p><strong>S\u00edmbolo Telebobina (aro magn\u00e9tico):<\/strong>&nbsp;Utilizado para indicar que o local possui um sistema de aro magn\u00e9tico instalado. Dessa forma, basta colocar o seu aparelho no modo \u201cT\u201d (telecoil) e o sistema de som do ambiente ser\u00e1 transmitido diretamente para o seu aparelho auditivo ou implante coclear. Locais com esse sistema s\u00e3o praticamente inexistentes no Brasil, mas em outros pa\u00edses \u00e9 poss\u00edvel encontr\u00e1-lo em cinemas, teatros, igrejas, museus, trens, t\u00e1xis e caixas de lojas.<br><br><img loading=\"lazy\" decoding=\"async\" src=\"https:\/\/www.prefeitura.sp.gov.br\/cidade\/secretarias\/upload\/sistemas-de-audicao-assistida.png\" alt=\"\" width=\"50\" height=\"50\"><br><strong>S\u00edmbolo de Sistemas de Audi\u00e7\u00e3o Assistida:&nbsp;<\/strong>Indica que no local h\u00e1 alguma forma de tecnologia que fornece acessibilidade para pessoas com defici\u00eancia auditiva, seja na forma de sistema FM, telebobina ou alguma outra op\u00e7\u00e3o que transmita o som diretamente para o aparelho do usu\u00e1rio. Por exemplo: museus que oferecem audioguias para ouvintes, tamb\u00e9m podem oferecer aparelhos port\u00e1teis especialmente para quem usa aparelho auditivo ou implante coclear. Este s\u00edmbolo tamb\u00e9m pode vir acompanhado com o \u201cT\u201d do telecoil.<\/p>\n\n\n\n<p><img loading=\"lazy\" decoding=\"async\" width=\"50\" height=\"50\" src=\"https:\/\/www.prefeitura.sp.gov.br\/cidade\/secretarias\/upload\/closed-caption.png\" alt=\"Closed Caption (legendas ocultas)\"><strong><br>Closed Caption (legendas ocultas):&nbsp;<\/strong>Indica que a programa\u00e7\u00e3o televisiva ou um v\u00eddeo possui legendas ocultas que podem ser ativadas. Esse s\u00edmbolo pode ser visto em programas de TV, caixas de DVDs ou em v\u00eddeos na internet. No Brasil, todo aparelho de TV \u00e0 venda deve possuir um receptor de legendas ocultas e todos os canais abertos s\u00e3o obrigados a transmitir legendas em sua programa\u00e7\u00e3o. Ainda n\u00e3o h\u00e1 legisla\u00e7\u00e3o para v\u00eddeos na internet.<br><br><img loading=\"lazy\" decoding=\"async\" width=\"50\" height=\"50\" src=\"https:\/\/www.prefeitura.sp.gov.br\/cidade\/secretarias\/upload\/legendas.png\" alt=\"Opened Caption (legendas vis\u00edveis)\"><br><strong>Opened Caption (legendas vis\u00edveis):&nbsp;<\/strong>As legendas vis\u00edveis s\u00e3o aquelas legendas que j\u00e1 v\u00eam no v\u00eddeo e n\u00e3o podem ser desativadas. S\u00e3o as legendas que costumamos ver em filmes estrangeiros transmitidos em cinemas e canais de televis\u00e3o. Tamb\u00e9m \u00e9 poss\u00edvel encontrar esse tipo de legenda em filmes nacionais com sess\u00f5es voltadas para deficientes auditivos, propaganda pol\u00edtica ou v\u00eddeos mudos feitos para serem assistidos em ambientes p\u00fablicos (como em \u00f4nibus, metr\u00f4 e elevador). O s\u00edmbolo em si, \u00e9 raro de se ver.&nbsp;<br><br><br><img loading=\"lazy\" decoding=\"async\" width=\"50\" height=\"50\" src=\"https:\/\/www.prefeitura.sp.gov.br\/cidade\/secretarias\/upload\/telefone-para-surdos.png\" alt=\"Telefone para Surdos (TTY\/TDD)\"><\/p>\n\n\n\n<p><strong>Telefone para Surdos:<\/strong>&nbsp;Indica que o local possui um telefone para surdos ou que o servi\u00e7o (um banco, por exemplo) possui um n\u00famero que telefone que pode ser contactado utilizando um telefone para surdos.No Brasil existem orelh\u00f5es com este aparelho, normalmente localizados em locais cobertos, como shoppings.<br><a href=\"https:\/\/www.prefeitura.sp.gov.br\/cidade\/secretarias\/upload\/pessoa_com_deficiencia\/NBR15599.pdf\">Fonte: ABNT NBR I5599<\/a><br>&nbsp;<\/p>\n\n\n\n<figure class=\"wp-block-image alignleft is-resized\"><img decoding=\"async\" src=\"https:\/\/www.prefeitura.sp.gov.br\/cidade\/secretarias\/upload\/telefone-com-controle-de-volume.png\" alt=\"Telefone com controle de volume\" style=\"width:101px;height:auto\"\/><\/figure>\n\n\n\n<p><strong><br>Telefone com amplificador sonoro:&nbsp;<\/strong>Indica que aparelho de telefone possui um controle de volume amplificado que pode ser usado por pessoas que possuem perda auditiva leve ou moderada.<br><a href=\"http:\/\/www.prefeitura.sp.gov.br\/cidade\/secretarias\/upload\/pessoa_com_deficiencia\/NBR15599.pdf\">Fonte:&nbsp;ABNT NBR 15599<\/a><br>&nbsp;<\/p>\n\n\n\n<figure class=\"wp-block-image alignleft is-resized\"><img decoding=\"async\" src=\"https:\/\/www.prefeitura.sp.gov.br\/cidade\/secretarias\/upload\/protecao-de-ouvido-obrigatoria(2).png\" alt=\"Prote\u00e7\u00e3o de Ouvido Obrigat\u00f3ria\" style=\"width:104px;height:auto\"\/><\/figure>\n\n\n\n<p><strong><br>Prote\u00e7\u00e3o de Ouvido Obrigat\u00f3ria:&nbsp;<\/strong>Esse n\u00e3o \u00e9 um s\u00edmbolo de acessibilidade, mas est\u00e1 totalmente relacionado com a sa\u00fade auditiva. Ele \u00e9 normalmente utilizado em f\u00e1bricas e canteiros de obras para indicar que o barulho ambiente \u00e9 alto demais e pode provocar perda auditiva. Mesmo se voc\u00ea j\u00e1 possuir perda auditiva, \u00e9 indicado que voc\u00ea utilize protetores de ouvidos nesses locais pois, apesar de n\u00e3o ouvir, o som ainda assim pode afetar seu ouvido.<br><br><img decoding=\"async\" src=\"https:\/\/www.prefeitura.sp.gov.br\/cidade\/secretarias\/upload\/simbolo-de-interpretedelibras.png\" alt=\"\" style=\"width: 80px;\"><\/p>\n\n\n\n<p><strong>&nbsp;S\u00edmbolo do Int\u00e9rprete de Libras:&nbsp;<\/strong>Para profissionais que se trabalham e atuam na comunica\u00e7\u00e3o em Libras.<\/p>\n\n\n\n<p><br><br>Fonte:&nbsp;<a href=\"https:\/\/desculpenaoouvi.com.br\/significado-dos-simbolos-de-acessibilidade-para-deficientes-auditivos\/\">Desculpe n\u00e3o ouvi! Lak Lobato<\/a><\/p>\n\n\n\n<figure class=\"wp-block-image alignleft is-resized\"><a href=\"http:\/\/xn--smbolo%20de%20surdocegueira%20representado%20por%20uma%20bengala%20vermelha%20com%20listras%20brancas-ycj.\/\"><img decoding=\"async\" src=\"https:\/\/www.prefeitura.sp.gov.br\/cidade\/secretarias\/upload\/Logo%20Surdocegueira%20(1)(2).jpg\" alt=\"\" style=\"width:76px;height:auto\"\/><\/a><\/figure>\n\n\n\n<p><strong>S\u00edmbolo da Surdocegueira:<\/strong>&nbsp;A representa\u00e7\u00e3o do s\u00edmbolo da surdocegueira&nbsp;para identifica\u00e7\u00e3o da acessibilidade,&nbsp; consiste em um pictograma sobreposto a uma base retangular, branca e ao alto. Deve ser representado a cores ou em preto e tons de cinza sobre a base&nbsp;retangular branca.<br><a href=\"https:\/\/www.prefeitura.sp.gov.br\/cidade\/secretarias\/upload\/pessoa_com_deficiencia\/NBR15599.pdf\">Fonte: Norma ABNT NBR 15599<\/a><\/p>\n\n\n\n<p><br><br><strong>S\u00edmbolo Defici\u00eancia Intelectual<\/strong><br><br><img loading=\"lazy\" decoding=\"async\" src=\"https:\/\/www.prefeitura.sp.gov.br\/cidade\/secretarias\/upload\/Capturar(11).png\" alt=\"s\u00edmbolo defici\u00eancia intelectual\" width=\"60\" height=\"61\"><br>Limita\u00e7\u00f5es significativas no funcionamento intelectual e no comportamento adaptativo, que aparecem nas habilidades conceituais, sociais e pr\u00e1ticas, antes dos 18 anos. A pessoa com defici\u00eancia intelectual n\u00e3o \u00e9 necessariamente considerada incapaz de exercer sua cidadania.<br><br><strong><br>S\u00edmbolo Pessoas com Nanismo<br><br><\/strong><br>O nanismo foi inclu\u00eddo na lista de defici\u00eancias f\u00edsicas desde 2004. Com isso, na teoria, v\u00e1rias leis beneficiam e ajudam na qualidade de vida de quem convive com a condi\u00e7\u00e3o. No entanto, o s\u00edmbolo do nanismo tem pouca popularidade e menor aplica\u00e7\u00e3o nos centros urbanos.<\/p>\n\n\n\n<p>&nbsp;<br><a href=\"https:\/\/somostodosgigantes.com.br\/voce-ja-viu-o-simbolo-do-nanismo\/\">Fonte: Somos Todos Gigantes<\/a><\/p>\n\n\n\n<p><br><strong>S\u00edmbolo Nacional da Pessoa Ostomizada<\/strong><\/p>\n\n\n\n<figure class=\"wp-block-image alignleft is-resized\"><img decoding=\"async\" src=\"https:\/\/www.prefeitura.sp.gov.br\/cidade\/secretarias\/upload\/capa_simb%20(1)(1).jpg\" alt=\"S\u00edmbolo do Ostomizado\" style=\"width:188px;height:auto\"\/><\/figure>\n\n\n\n<p>O s\u00edmbolo se caracteriza pela figura de uma pessoa com um curativo na barriga.&nbsp;<br>Pessoas ostomizadas s\u00e3o aquelas que passaram por cirurgia que abre uma passagem no abd\u00f4men, chamada ostoma, para a coloca\u00e7\u00e3o de uma bolsa coletora de fezes e urina. Em geral, o procedimento \u00e9 necess\u00e1rio no caso de c\u00e2ncer no reto, no intestino grosso e na bexiga e em pessoas atingidas por perfura\u00e7\u00f5es nessa regi\u00e3o.&nbsp;<\/p>\n\n\n\n<p><a href=\"http:\/\/www.ebc.com.br\/noticias\/politica\/2014\/09\/senado-aprova-obrigatoriedade-de-simbolo-para-ostomizados-em-locais\">Fonte: Senado<\/a><\/p>\n\n\n\n<p><strong>S\u00edndrome de Down  &#8211; T21<\/strong><\/p>\n\n\n\n<figure class=\"wp-block-image alignleft size-full is-resized\"><img loading=\"lazy\" decoding=\"async\" width=\"900\" height=\"800\" src=\"https:\/\/portalincluir.com.br\/wp-content\/uploads\/2024\/03\/image-2.png\" alt=\"\" class=\"wp-image-197\" style=\"aspect-ratio:1.1253822629969419;width:74px;height:auto\" srcset=\"https:\/\/portalincluir.com.br\/wp-content\/uploads\/2024\/03\/image-2.png 900w, https:\/\/portalincluir.com.br\/wp-content\/uploads\/2024\/03\/image-2-300x267.png 300w, https:\/\/portalincluir.com.br\/wp-content\/uploads\/2024\/03\/image-2-768x683.png 768w\" sizes=\"auto, (max-width: 900px) 100vw, 900px\" \/><\/figure>\n\n\n\n<div class=\"wp-block-group is-nowrap is-layout-flex wp-container-core-group-is-layout-6c531013 wp-block-group-is-layout-flex\">\n<p>A cor azul e amarela do berloque s\u00edndrome de down representam a aten\u00e7\u00e3o da popula\u00e7\u00e3o frente \u00e0s dificuldades enfrentadas por pessoas com essa s\u00edndrome. O s\u00edmbolo conscientiza sobre a luta pela igualdade, independente de fatores gen\u00e9ticos.&nbsp;<\/p>\n<\/div>\n\n\n\n<p><\/p>\n\n\n\n<p><strong>S\u00edmbolo do&nbsp;Transtorno do Espectro Autista \u2013 TEA<\/strong><\/p>\n\n\n\n<figure class=\"wp-block-image alignleft is-resized\"><img decoding=\"async\" src=\"https:\/\/www.prefeitura.sp.gov.br\/cidade\/secretarias\/upload\/Capturar(6).jpg\" alt=\"s\u00edmbolo autismo fita colorida simbolizando o quebra-cabe\u00e7a. \" style=\"aspect-ratio:0.6140427387701701;width:91px;height:auto\"\/><\/figure>\n\n\n\n<div class=\"wp-block-group is-nowrap is-layout-flex wp-container-core-group-is-layout-6c531013 wp-block-group-is-layout-flex\">\n<p><br>O s\u00edmbolo mundial da conscientiza\u00e7\u00e3o sobre o Transtorno do Espectro Autista \u2013 TEA consiste em uma fita com pe\u00e7as de quebra-cabe\u00e7a multicoloridas e dever\u00e1 ser inserido nas placas de atendimento priorit\u00e1rio, conforme determina a&nbsp;<a href=\"https:\/\/governo-sp.jusbrasil.com.br\/legislacao\/588523776\/lei-16756-18-sao-paulo-sp\">Lei Estadual n\u00ba 16.756, de 07 de junho de 2018.&nbsp;<\/a><\/p>\n<\/div>\n\n\n\n<p><\/p>\n\n\n\n<p><\/p>\n\n\n\n<p><\/p>\n\n\n\n<p><\/p>\n\n\n\n<p>Fonte: Site da Prefeitura Municipal de S\u00e3o Paulo<\/p>\n","protected":false},"excerpt":{"rendered":"<p>S\u00edmbolo Universal de Acessibilidade da Organiza\u00e7\u00e3o das Na\u00e7\u00f5es Unidas (ONU) Desenhado pela Unidade de Desenho<\/p>\n","protected":false},"author":1,"featured_media":0,"parent":0,"menu_order":0,"comment_status":"closed","ping_status":"closed","template":"","meta":{"om_disable_all_campaigns":false,"_monsterinsights_skip_tracking":false,"_monsterinsights_sitenote_active":false,"_monsterinsights_sitenote_note":"","_monsterinsights_sitenote_category":0,"_uf_show_specific_survey":0,"_uf_disable_surveys":false,"footnotes":""},"class_list":["post-194","page","type-page","status-publish","hentry"],"yoast_head":"<!-- This site is optimized with the Yoast SEO plugin v27.4 - https:\/\/yoast.com\/product\/yoast-seo-wordpress\/ -->\n<title>S\u00edmbolos de Acessibilidade - PORTAL INCLUIR<\/title>\n<meta name=\"robots\" content=\"index, follow, max-snippet:-1, max-image-preview:large, max-video-preview:-1\" \/>\n<link rel=\"canonical\" href=\"https:\/\/portalincluir.com.br\/index.php\/simbolos-de-acessibilidade\/\" \/>\n<meta property=\"og:locale\" content=\"pt_BR\" \/>\n<meta property=\"og:type\" content=\"article\" \/>\n<meta property=\"og:title\" content=\"S\u00edmbolos de Acessibilidade - PORTAL INCLUIR\" \/>\n<meta property=\"og:description\" content=\"S\u00edmbolo Universal de Acessibilidade da Organiza\u00e7\u00e3o das Na\u00e7\u00f5es Unidas (ONU) Desenhado pela Unidade de Desenho\" \/>\n<meta property=\"og:url\" content=\"https:\/\/portalincluir.com.br\/index.php\/simbolos-de-acessibilidade\/\" \/>\n<meta property=\"og:site_name\" content=\"PORTAL INCLUIR\" \/>\n<meta property=\"article:modified_time\" content=\"2026-02-07T10:27:11+00:00\" \/>\n<meta property=\"og:image\" content=\"https:\/\/www.prefeitura.sp.gov.br\/cidade\/secretarias\/upload\/A-Acessibilidade-ONU-550.jpg\" \/>\n<meta name=\"twitter:card\" content=\"summary_large_image\" \/>\n<meta name=\"twitter:label1\" content=\"Est. tempo de leitura\" \/>\n\t<meta name=\"twitter:data1\" content=\"11 minutos\" \/>\n<script type=\"application\/ld+json\" class=\"yoast-schema-graph\">{\"@context\":\"https:\\\/\\\/schema.org\",\"@graph\":[{\"@type\":\"WebPage\",\"@id\":\"https:\\\/\\\/portalincluir.com.br\\\/index.php\\\/simbolos-de-acessibilidade\\\/\",\"url\":\"https:\\\/\\\/portalincluir.com.br\\\/index.php\\\/simbolos-de-acessibilidade\\\/\",\"name\":\"S\u00edmbolos de Acessibilidade - PORTAL INCLUIR\",\"isPartOf\":{\"@id\":\"https:\\\/\\\/portalincluir.com.br\\\/#website\"},\"primaryImageOfPage\":{\"@id\":\"https:\\\/\\\/portalincluir.com.br\\\/index.php\\\/simbolos-de-acessibilidade\\\/#primaryimage\"},\"image\":{\"@id\":\"https:\\\/\\\/portalincluir.com.br\\\/index.php\\\/simbolos-de-acessibilidade\\\/#primaryimage\"},\"thumbnailUrl\":\"https:\\\/\\\/www.prefeitura.sp.gov.br\\\/cidade\\\/secretarias\\\/upload\\\/A-Acessibilidade-ONU-550.jpg\",\"datePublished\":\"2024-03-04T01:38:38+00:00\",\"dateModified\":\"2026-02-07T10:27:11+00:00\",\"breadcrumb\":{\"@id\":\"https:\\\/\\\/portalincluir.com.br\\\/index.php\\\/simbolos-de-acessibilidade\\\/#breadcrumb\"},\"inLanguage\":\"pt-BR\",\"potentialAction\":[{\"@type\":\"ReadAction\",\"target\":[\"https:\\\/\\\/portalincluir.com.br\\\/index.php\\\/simbolos-de-acessibilidade\\\/\"]}]},{\"@type\":\"ImageObject\",\"inLanguage\":\"pt-BR\",\"@id\":\"https:\\\/\\\/portalincluir.com.br\\\/index.php\\\/simbolos-de-acessibilidade\\\/#primaryimage\",\"url\":\"https:\\\/\\\/www.prefeitura.sp.gov.br\\\/cidade\\\/secretarias\\\/upload\\\/A-Acessibilidade-ONU-550.jpg\",\"contentUrl\":\"https:\\\/\\\/www.prefeitura.sp.gov.br\\\/cidade\\\/secretarias\\\/upload\\\/A-Acessibilidade-ONU-550.jpg\"},{\"@type\":\"BreadcrumbList\",\"@id\":\"https:\\\/\\\/portalincluir.com.br\\\/index.php\\\/simbolos-de-acessibilidade\\\/#breadcrumb\",\"itemListElement\":[{\"@type\":\"ListItem\",\"position\":1,\"name\":\"In\u00edcio\",\"item\":\"https:\\\/\\\/portalincluir.com.br\\\/\"},{\"@type\":\"ListItem\",\"position\":2,\"name\":\"S\u00edmbolos de Acessibilidade\"}]},{\"@type\":\"WebSite\",\"@id\":\"https:\\\/\\\/portalincluir.com.br\\\/#website\",\"url\":\"https:\\\/\\\/portalincluir.com.br\\\/\",\"name\":\"PORTAL INCLUIR\",\"description\":\"\",\"potentialAction\":[{\"@type\":\"SearchAction\",\"target\":{\"@type\":\"EntryPoint\",\"urlTemplate\":\"https:\\\/\\\/portalincluir.com.br\\\/?s={search_term_string}\"},\"query-input\":{\"@type\":\"PropertyValueSpecification\",\"valueRequired\":true,\"valueName\":\"search_term_string\"}}],\"inLanguage\":\"pt-BR\"}]}<\/script>\n<!-- \/ Yoast SEO plugin. -->","yoast_head_json":{"title":"S\u00edmbolos de Acessibilidade - PORTAL INCLUIR","robots":{"index":"index","follow":"follow","max-snippet":"max-snippet:-1","max-image-preview":"max-image-preview:large","max-video-preview":"max-video-preview:-1"},"canonical":"https:\/\/portalincluir.com.br\/index.php\/simbolos-de-acessibilidade\/","og_locale":"pt_BR","og_type":"article","og_title":"S\u00edmbolos de Acessibilidade - PORTAL INCLUIR","og_description":"S\u00edmbolo Universal de Acessibilidade da Organiza\u00e7\u00e3o das Na\u00e7\u00f5es Unidas (ONU) Desenhado pela Unidade de Desenho","og_url":"https:\/\/portalincluir.com.br\/index.php\/simbolos-de-acessibilidade\/","og_site_name":"PORTAL INCLUIR","article_modified_time":"2026-02-07T10:27:11+00:00","og_image":[{"url":"https:\/\/www.prefeitura.sp.gov.br\/cidade\/secretarias\/upload\/A-Acessibilidade-ONU-550.jpg","type":"","width":"","height":""}],"twitter_card":"summary_large_image","twitter_misc":{"Est. tempo de leitura":"11 minutos"},"schema":{"@context":"https:\/\/schema.org","@graph":[{"@type":"WebPage","@id":"https:\/\/portalincluir.com.br\/index.php\/simbolos-de-acessibilidade\/","url":"https:\/\/portalincluir.com.br\/index.php\/simbolos-de-acessibilidade\/","name":"S\u00edmbolos de Acessibilidade - PORTAL INCLUIR","isPartOf":{"@id":"https:\/\/portalincluir.com.br\/#website"},"primaryImageOfPage":{"@id":"https:\/\/portalincluir.com.br\/index.php\/simbolos-de-acessibilidade\/#primaryimage"},"image":{"@id":"https:\/\/portalincluir.com.br\/index.php\/simbolos-de-acessibilidade\/#primaryimage"},"thumbnailUrl":"https:\/\/www.prefeitura.sp.gov.br\/cidade\/secretarias\/upload\/A-Acessibilidade-ONU-550.jpg","datePublished":"2024-03-04T01:38:38+00:00","dateModified":"2026-02-07T10:27:11+00:00","breadcrumb":{"@id":"https:\/\/portalincluir.com.br\/index.php\/simbolos-de-acessibilidade\/#breadcrumb"},"inLanguage":"pt-BR","potentialAction":[{"@type":"ReadAction","target":["https:\/\/portalincluir.com.br\/index.php\/simbolos-de-acessibilidade\/"]}]},{"@type":"ImageObject","inLanguage":"pt-BR","@id":"https:\/\/portalincluir.com.br\/index.php\/simbolos-de-acessibilidade\/#primaryimage","url":"https:\/\/www.prefeitura.sp.gov.br\/cidade\/secretarias\/upload\/A-Acessibilidade-ONU-550.jpg","contentUrl":"https:\/\/www.prefeitura.sp.gov.br\/cidade\/secretarias\/upload\/A-Acessibilidade-ONU-550.jpg"},{"@type":"BreadcrumbList","@id":"https:\/\/portalincluir.com.br\/index.php\/simbolos-de-acessibilidade\/#breadcrumb","itemListElement":[{"@type":"ListItem","position":1,"name":"In\u00edcio","item":"https:\/\/portalincluir.com.br\/"},{"@type":"ListItem","position":2,"name":"S\u00edmbolos de Acessibilidade"}]},{"@type":"WebSite","@id":"https:\/\/portalincluir.com.br\/#website","url":"https:\/\/portalincluir.com.br\/","name":"PORTAL INCLUIR","description":"","potentialAction":[{"@type":"SearchAction","target":{"@type":"EntryPoint","urlTemplate":"https:\/\/portalincluir.com.br\/?s={search_term_string}"},"query-input":{"@type":"PropertyValueSpecification","valueRequired":true,"valueName":"search_term_string"}}],"inLanguage":"pt-BR"}]}},"_links":{"self":[{"href":"https:\/\/portalincluir.com.br\/index.php\/wp-json\/wp\/v2\/pages\/194","targetHints":{"allow":["GET"]}}],"collection":[{"href":"https:\/\/portalincluir.com.br\/index.php\/wp-json\/wp\/v2\/pages"}],"about":[{"href":"https:\/\/portalincluir.com.br\/index.php\/wp-json\/wp\/v2\/types\/page"}],"author":[{"embeddable":true,"href":"https:\/\/portalincluir.com.br\/index.php\/wp-json\/wp\/v2\/users\/1"}],"replies":[{"embeddable":true,"href":"https:\/\/portalincluir.com.br\/index.php\/wp-json\/wp\/v2\/comments?post=194"}],"version-history":[{"count":10,"href":"https:\/\/portalincluir.com.br\/index.php\/wp-json\/wp\/v2\/pages\/194\/revisions"}],"predecessor-version":[{"id":931,"href":"https:\/\/portalincluir.com.br\/index.php\/wp-json\/wp\/v2\/pages\/194\/revisions\/931"}],"wp:attachment":[{"href":"https:\/\/portalincluir.com.br\/index.php\/wp-json\/wp\/v2\/media?parent=194"}],"curies":[{"name":"wp","href":"https:\/\/api.w.org\/{rel}","templated":true}]}}